{"id":500,"date":"2023-01-20T15:43:22","date_gmt":"2023-01-20T14:43:22","guid":{"rendered":"https:\/\/zeitbox.mpol.ch\/?page_id=500"},"modified":"2024-11-26T11:02:52","modified_gmt":"2024-11-26T10:02:52","slug":"arbeitszeiterfassung-zeitbox-faq","status":"publish","type":"page","link":"https:\/\/zeitbox.mpol.ch\/?page_id=500","title":{"rendered":"FAQ"},"content":{"rendered":"\n<div class=\"wp-block-columns is-layout-flex wp-container-core-columns-is-layout-1 wp-block-columns-is-layout-flex\">\n<div class=\"wp-block-column is-layout-flow wp-block-column-is-layout-flow\" style=\"flex-basis:100%\">\n\t\t\t\t\t\t\t<h3 style=\"margin-bottom:20px;display:block;width:100%;margin-top:10px\">FAQ f\u00fcr Zeitbox <\/h3>\r\n\t\t\t\t\t\t<style>\r\n\t\t\t\t<style>\r\n#wpsm_accordion_496 .wpsm_panel-heading{\r\n\tpadding:0px !important;\r\n}\r\n#wpsm_accordion_496 .wpsm_panel-title {\r\n\tmargin:0px !important; \r\n\ttext-transform:none !important;\r\n\tline-height: 1 !important;\r\n}\r\n#wpsm_accordion_496 .wpsm_panel-title a{\r\n\ttext-decoration:none;\r\n\toverflow:hidden;\r\n\tdisplay:block;\r\n\tpadding:0px;\r\n\tfont-size: 18px !important;\r\n\tfont-family: Verdana !important;\r\n\tcolor:#000000 !important;\r\n\tborder-bottom:0px !important;\r\n}\r\n\r\n#wpsm_accordion_496 .wpsm_panel-title a:focus {\r\noutline: 0px !important;\r\n}\r\n\r\n#wpsm_accordion_496 .wpsm_panel-title a:hover, #wpsm_accordion_496 .wpsm_panel-title a:focus {\r\n\tcolor:#000000 !important;\r\n}\r\n#wpsm_accordion_496 .acc-a{\r\n\tcolor: #000000 !important;\r\n\tbackground-color:#f7f7f7 !important;\r\n\tborder-color: #ddd;\r\n}\r\n#wpsm_accordion_496 .wpsm_panel-default > .wpsm_panel-heading{\r\n\tcolor: #000000 !important;\r\n\tbackground-color: #f7f7f7 !important;\r\n\tborder-color: #f7f7f7 !important;\r\n\tborder-top-left-radius: 0px;\r\n\tborder-top-right-radius: 0px;\r\n}\r\n#wpsm_accordion_496 .wpsm_panel-default {\r\n\t\tborder:1px solid transparent !important;\r\n\t}\r\n#wpsm_accordion_496 {\r\n\tmargin-bottom: 20px;\r\n\toverflow: hidden;\r\n\tfloat: none;\r\n\twidth: 100%;\r\n\tdisplay: block;\r\n}\r\n#wpsm_accordion_496 .ac_title_class{\r\n\tdisplay: block;\r\n\tpadding-top: 12px;\r\n\tpadding-bottom: 12px;\r\n\tpadding-left: 15px;\r\n\tpadding-right: 15px;\r\n}\r\n#wpsm_accordion_496  .wpsm_panel {\r\n\toverflow:hidden;\r\n\t-webkit-box-shadow: 0 0px 0px rgba(0, 0, 0, .05);\r\n\tbox-shadow: 0 0px 0px rgba(0, 0, 0, .05);\r\n\t\tborder-radius: 4px;\r\n\t}\r\n#wpsm_accordion_496  .wpsm_panel + .wpsm_panel {\r\n\t\tmargin-top: 5px;\r\n\t}\r\n#wpsm_accordion_496  .wpsm_panel-body{\r\n\tbackground-color:#ffffff !important;\r\n\tcolor:#000000 !important;\r\n\tborder-top-color: #f7f7f7 !important;\r\n\tfont-size:16px !important;\r\n\tfont-family: Verdana !important;\r\n\toverflow: hidden;\r\n\t\tborder: 2px solid #f7f7f7 !important;\r\n\t}\r\n\r\n#wpsm_accordion_496 .ac_open_cl_icon{\r\n\tbackground-color:#f7f7f7 !important;\r\n\tcolor: #000000 !important;\r\n\tfloat:right !important;\r\n\tpadding-top: 12px !important;\r\n\tpadding-bottom: 12px !important;\r\n\tline-height: 1.0 !important;\r\n\tpadding-left: 15px !important;\r\n\tpadding-right: 15px !important;\r\n\tdisplay: inline-block !important;\r\n}\r\n\r\n\t\t\t #wpsm_accordion_496 .wpsm_panel-heading {\r\n\t\t\t\tbackground-image: url(https:\/\/zeitbox.mpol.ch\/wp-content\/plugins\/responsive-accordion-and-collapse\/img\/style-soft.png);\r\n\t\t\t\tbackground-position: 0 0;\r\n\t\t\t\tbackground-repeat: repeat-x;\r\n\t\t\t}\r\n\t\t\t#wpsm_accordion_496 .ac_open_cl_icon{\r\n\t\t\t\tbackground-image: url(https:\/\/zeitbox.mpol.ch\/wp-content\/plugins\/responsive-accordion-and-collapse\/img\/style-soft.png);\r\n\t\t\t\tbackground-position: 0 0;\r\n\t\t\t\tbackground-repeat: repeat-x;\r\n\t\t\t}\r\n\t\t\t<\/style>\t\r\n\t\t\t<\/style>\r\n\t\t\t<div class=\"wpsm_panel-group\" id=\"wpsm_accordion_496\" >\r\n\t\t\t\t\t\t\t\t\r\n\t\t\t\t\t<!-- Inner panel Start -->\r\n\t\t\t\t\t<div class=\"wpsm_panel wpsm_panel-default\">\r\n\t\t\t\t\t\t<div class=\"wpsm_panel-heading\" role=\"tab\" >\r\n\t\t\t\t\t\t  <h4 class=\"wpsm_panel-title\">\r\n\t\t\t\t\t\t\t<a  class=\"\"  data-toggle=\"collapse\" data-parent=\"#wpsm_accordion_496 \" href=\"javascript:void(0)\" data-target=\"#ac_496_collapse1\" onclick=\"do_resize()\">\r\n\t\t\t\t\t\t\t\t\t\t\t\t\t\t\t\t\t<span class=\"ac_open_cl_icon fa fa-minus\"><\/span>\r\n\t\t\t\t\t\t\t\t\t\r\n\t\t\t\t\t\t\t\t \r\n\t\t\t\t\t\t\t\t<span class=\"ac_title_class\">\r\n\t\t\t\t\t\t\t\t\t\t\t\t\t\t\t\t\t\t\t\t<span style=\"margin-right:6px;\" class=\"fa fa-wrench\"><\/span>\r\n\t\t\t\t\t\t\t\t\tBrauche ich einen Server?\t\t\t\t\t\t\t\t<\/span>\r\n\t\t\t\t\t\t\t<\/a>\r\n\t\t\t\t\t\t  <\/h4>\r\n\t\t\t\t\t\t<\/div>\r\n\t\t\t\t\t\t<div id=\"ac_496_collapse1\" class=\"wpsm_panel-collapse collapse in\"  >\r\n\t\t\t\t\t\t  <div class=\"wpsm_panel-body\">\r\n\t\t\t\t\t\t\tNein, Sie ben\u00f6tigen keinen Server. Die Arbeitserfassung erfolgt auf unseren Cloud-Server. Sie ben\u00f6tigen einen Internetanschluss um die Zeiterfassung vorzunehmen. \t\t\t\t\t\t  <\/div>\r\n\t\t\t\t\t\t<\/div>\r\n\t\t\t\t\t<\/div>\r\n\t\t\t\t\t<!-- Inner panel End -->\r\n\t\t\t\t\t\r\n\t\t\t\t\t\t\t\t\r\n\t\t\t\t\t<!-- Inner panel Start -->\r\n\t\t\t\t\t<div class=\"wpsm_panel wpsm_panel-default\">\r\n\t\t\t\t\t\t<div class=\"wpsm_panel-heading\" role=\"tab\" >\r\n\t\t\t\t\t\t  <h4 class=\"wpsm_panel-title\">\r\n\t\t\t\t\t\t\t<a  class=\"collapsed\"  data-toggle=\"collapse\" data-parent=\"#wpsm_accordion_496 \" href=\"javascript:void(0)\" data-target=\"#ac_496_collapse2\" onclick=\"do_resize()\">\r\n\t\t\t\t\t\t\t\t\t\t\t\t\t\t\t\t\t<span class=\"ac_open_cl_icon fa fa-plus\"><\/span>\r\n\t\t\t\t\t\t\t\t\t\r\n\t\t\t\t\t\t\t\t \r\n\t\t\t\t\t\t\t\t<span class=\"ac_title_class\">\r\n\t\t\t\t\t\t\t\t\t\t\t\t\t\t\t\t\t\t\t\t<span style=\"margin-right:6px;\" class=\"fa fa-laptop\"><\/span>\r\n\t\t\t\t\t\t\t\t\tSchweizer Feiertage pro Kanton\t\t\t\t\t\t\t\t<\/span>\r\n\t\t\t\t\t\t\t<\/a>\r\n\t\t\t\t\t\t  <\/h4>\r\n\t\t\t\t\t\t<\/div>\r\n\t\t\t\t\t\t<div id=\"ac_496_collapse2\" class=\"wpsm_panel-collapse collapse \"  >\r\n\t\t\t\t\t\t  <div class=\"wpsm_panel-body\">\r\n\t\t\t\t\t\t\tDie entsprechende Feiertage k\u00f6nnen pro Kanton hinterlegt werden. Bei einer Eintragung Bulkzeit werden diese automatisch ber\u00fccksichtigt. \t\t\t\t\t\t  <\/div>\r\n\t\t\t\t\t\t<\/div>\r\n\t\t\t\t\t<\/div>\r\n\t\t\t\t\t<!-- Inner panel End -->\r\n\t\t\t\t\t\r\n\t\t\t\t\t\t\t\t\r\n\t\t\t\t\t<!-- Inner panel Start -->\r\n\t\t\t\t\t<div class=\"wpsm_panel wpsm_panel-default\">\r\n\t\t\t\t\t\t<div class=\"wpsm_panel-heading\" role=\"tab\" >\r\n\t\t\t\t\t\t  <h4 class=\"wpsm_panel-title\">\r\n\t\t\t\t\t\t\t<a  class=\"collapsed\"  data-toggle=\"collapse\" data-parent=\"#wpsm_accordion_496 \" href=\"javascript:void(0)\" data-target=\"#ac_496_collapse3\" onclick=\"do_resize()\">\r\n\t\t\t\t\t\t\t\t\t\t\t\t\t\t\t\t\t<span class=\"ac_open_cl_icon fa fa-plus\"><\/span>\r\n\t\t\t\t\t\t\t\t\t\r\n\t\t\t\t\t\t\t\t \r\n\t\t\t\t\t\t\t\t<span class=\"ac_title_class\">\r\n\t\t\t\t\t\t\t\t\t\t\t\t\t\t\t\t\t\t\t\t<span style=\"margin-right:6px;\" class=\"fa fa-laptop\"><\/span>\r\n\t\t\t\t\t\t\t\t\tKann ich Arbeitszeiterfassung zu den Projekten zuordnen?\t\t\t\t\t\t\t\t<\/span>\r\n\t\t\t\t\t\t\t<\/a>\r\n\t\t\t\t\t\t  <\/h4>\r\n\t\t\t\t\t\t<\/div>\r\n\t\t\t\t\t\t<div id=\"ac_496_collapse3\" class=\"wpsm_panel-collapse collapse \"  >\r\n\t\t\t\t\t\t  <div class=\"wpsm_panel-body\">\r\n\t\t\t\t\t\t\tJa. Sie haben die Kategorien f\u00fcr die Zuordnung der erfassten Arbeitszeit. In der Hauptkategorie k\u00f6nnen Sie den Projektnamen eintragen und in der Subkategorie die Aktivit\u00e4ten des Projektes. \t\t\t\t\t\t  <\/div>\r\n\t\t\t\t\t\t<\/div>\r\n\t\t\t\t\t<\/div>\r\n\t\t\t\t\t<!-- Inner panel End -->\r\n\t\t\t\t\t\r\n\t\t\t\t\t\t\t\t\r\n\t\t\t\t\t<!-- Inner panel Start -->\r\n\t\t\t\t\t<div class=\"wpsm_panel wpsm_panel-default\">\r\n\t\t\t\t\t\t<div class=\"wpsm_panel-heading\" role=\"tab\" >\r\n\t\t\t\t\t\t  <h4 class=\"wpsm_panel-title\">\r\n\t\t\t\t\t\t\t<a  class=\"collapsed\"  data-toggle=\"collapse\" data-parent=\"#wpsm_accordion_496 \" href=\"javascript:void(0)\" data-target=\"#ac_496_collapse4\" onclick=\"do_resize()\">\r\n\t\t\t\t\t\t\t\t\t\t\t\t\t\t\t\t\t<span class=\"ac_open_cl_icon fa fa-plus\"><\/span>\r\n\t\t\t\t\t\t\t\t\t\r\n\t\t\t\t\t\t\t\t \r\n\t\t\t\t\t\t\t\t<span class=\"ac_title_class\">\r\n\t\t\t\t\t\t\t\t\t\t\t\t\t\t\t\t\t\t\t\t<span style=\"margin-right:6px;\" class=\"fa fa-laptop\"><\/span>\r\n\t\t\t\t\t\t\t\t\tRollen &amp; Zugriffsrechte\t\t\t\t\t\t\t\t<\/span>\r\n\t\t\t\t\t\t\t<\/a>\r\n\t\t\t\t\t\t  <\/h4>\r\n\t\t\t\t\t\t<\/div>\r\n\t\t\t\t\t\t<div id=\"ac_496_collapse4\" class=\"wpsm_panel-collapse collapse \"  >\r\n\t\t\t\t\t\t  <div class=\"wpsm_panel-body\">\r\n\t\t\t\t\t\t\tZeitbox als Arbeitszeiterfassung-Programm erm\u00f6glicht die Definition der unterschiedlichen Rollen und Zugriffsrechte. Diese k\u00f6nnen wir individuele f\u00fcr Ihr Unternehmen bestimmen. \t\t\t\t\t\t  <\/div>\r\n\t\t\t\t\t\t<\/div>\r\n\t\t\t\t\t<\/div>\r\n\t\t\t\t\t<!-- Inner panel End -->\r\n\t\t\t\t\t\r\n\t\t\t\t\t\t\t\t\r\n\t\t\t\t\t<!-- Inner panel Start -->\r\n\t\t\t\t\t<div class=\"wpsm_panel wpsm_panel-default\">\r\n\t\t\t\t\t\t<div class=\"wpsm_panel-heading\" role=\"tab\" >\r\n\t\t\t\t\t\t  <h4 class=\"wpsm_panel-title\">\r\n\t\t\t\t\t\t\t<a  class=\"collapsed\"  data-toggle=\"collapse\" data-parent=\"#wpsm_accordion_496 \" href=\"javascript:void(0)\" data-target=\"#ac_496_collapse5\" onclick=\"do_resize()\">\r\n\t\t\t\t\t\t\t\t\t\t\t\t\t\t\t\t\t<span class=\"ac_open_cl_icon fa fa-plus\"><\/span>\r\n\t\t\t\t\t\t\t\t\t\r\n\t\t\t\t\t\t\t\t \r\n\t\t\t\t\t\t\t\t<span class=\"ac_title_class\">\r\n\t\t\t\t\t\t\t\t\t\t\t\t\t\t\t\t\t\t\t\t<span style=\"margin-right:6px;\" class=\"fa fa-laptop\"><\/span>\r\n\t\t\t\t\t\t\t\t\tKann ich die \u00dcberstunden meiner Angestellten auszahlen?\t\t\t\t\t\t\t\t<\/span>\r\n\t\t\t\t\t\t\t<\/a>\r\n\t\t\t\t\t\t  <\/h4>\r\n\t\t\t\t\t\t<\/div>\r\n\t\t\t\t\t\t<div id=\"ac_496_collapse5\" class=\"wpsm_panel-collapse collapse \"  >\r\n\t\t\t\t\t\t  <div class=\"wpsm_panel-body\">\r\n\t\t\t\t\t\t\tJa, Sie k\u00f6nnen die enstandenen \u00dcberstunden jederzeit auszahlen. Zeitbox f\u00fchrt pro Mitarbeiter ein \u00dcberstundenkonto. Dieses Konto sammelt die Arbeitsstunden, welche an den Wochenenden bzw. an den Feiertagen erbracht worden sind. Sie k\u00f6nnen aus diesem Konto die \u00dcberstunden abbuchen oder hinzuf\u00fcgen, wenn Sie dem Mitarbetier \u00dcberstunden schenken m\u00f6chten. \r\n\r\nDie ausbezahlten Stunden sollten mit Status \"Ausbezahlt\" versehen. \t\t\t\t\t\t  <\/div>\r\n\t\t\t\t\t\t<\/div>\r\n\t\t\t\t\t<\/div>\r\n\t\t\t\t\t<!-- Inner panel End -->\r\n\t\t\t\t\t\r\n\t\t\t\t\t\t\t\t\r\n\t\t\t\t\t<!-- Inner panel Start -->\r\n\t\t\t\t\t<div class=\"wpsm_panel wpsm_panel-default\">\r\n\t\t\t\t\t\t<div class=\"wpsm_panel-heading\" role=\"tab\" >\r\n\t\t\t\t\t\t  <h4 class=\"wpsm_panel-title\">\r\n\t\t\t\t\t\t\t<a  class=\"collapsed\"  data-toggle=\"collapse\" data-parent=\"#wpsm_accordion_496 \" href=\"javascript:void(0)\" data-target=\"#ac_496_collapse6\" onclick=\"do_resize()\">\r\n\t\t\t\t\t\t\t\t\t\t\t\t\t\t\t\t\t<span class=\"ac_open_cl_icon fa fa-plus\"><\/span>\r\n\t\t\t\t\t\t\t\t\t\r\n\t\t\t\t\t\t\t\t \r\n\t\t\t\t\t\t\t\t<span class=\"ac_title_class\">\r\n\t\t\t\t\t\t\t\t\t\t\t\t\t\t\t\t\t\t\t\t<span style=\"margin-right:6px;\" class=\"fa fa-laptop\"><\/span>\r\n\t\t\t\t\t\t\t\t\tIst das Berechnen der Nacht- und Sonntagsarbeit mit Zeitzuschl\u00e4gen m\u00f6glich?\t\t\t\t\t\t\t\t<\/span>\r\n\t\t\t\t\t\t\t<\/a>\r\n\t\t\t\t\t\t  <\/h4>\r\n\t\t\t\t\t\t<\/div>\r\n\t\t\t\t\t\t<div id=\"ac_496_collapse6\" class=\"wpsm_panel-collapse collapse \"  >\r\n\t\t\t\t\t\t  <div class=\"wpsm_panel-body\">\r\n\t\t\t\t\t\t\tJa. Sie k\u00f6nnen die Zuschlag-Quoten pro Mitarbeiter und pro Arbeisgruppe wie Regularzeit, Gleitueit, Ueberzeit und Nacht- und Sonntagszeit hinterlegen. Dann werden die berechnete Arbeitszeit mit Zusschlagen in Stunden in einem Report zur Verf\u00fcgung gestellt. \t\t\t\t\t\t  <\/div>\r\n\t\t\t\t\t\t<\/div>\r\n\t\t\t\t\t<\/div>\r\n\t\t\t\t\t<!-- Inner panel End -->\r\n\t\t\t\t\t\r\n\t\t\t\t\t\t\t\t\r\n\t\t\t\t\t<!-- Inner panel Start -->\r\n\t\t\t\t\t<div class=\"wpsm_panel wpsm_panel-default\">\r\n\t\t\t\t\t\t<div class=\"wpsm_panel-heading\" role=\"tab\" >\r\n\t\t\t\t\t\t  <h4 class=\"wpsm_panel-title\">\r\n\t\t\t\t\t\t\t<a  class=\"collapsed\"  data-toggle=\"collapse\" data-parent=\"#wpsm_accordion_496 \" href=\"javascript:void(0)\" data-target=\"#ac_496_collapse7\" onclick=\"do_resize()\">\r\n\t\t\t\t\t\t\t\t\t\t\t\t\t\t\t\t\t<span class=\"ac_open_cl_icon fa fa-plus\"><\/span>\r\n\t\t\t\t\t\t\t\t\t\r\n\t\t\t\t\t\t\t\t \r\n\t\t\t\t\t\t\t\t<span class=\"ac_title_class\">\r\n\t\t\t\t\t\t\t\t\t\t\t\t\t\t\t\t\t\t\t\t<span style=\"margin-right:6px;\" class=\"fa fa-laptop\"><\/span>\r\n\t\t\t\t\t\t\t\t\tDer Begriff &quot;Gleitarbeitzeit&quot;\t\t\t\t\t\t\t\t<\/span>\r\n\t\t\t\t\t\t\t<\/a>\r\n\t\t\t\t\t\t  <\/h4>\r\n\t\t\t\t\t\t<\/div>\r\n\t\t\t\t\t\t<div id=\"ac_496_collapse7\" class=\"wpsm_panel-collapse collapse \"  >\r\n\t\t\t\t\t\t  <div class=\"wpsm_panel-body\">\r\n\t\t\t\t\t\t\t\"Arbeitszeitmodelle zur Flexibilisierung und Individualisierung der Arbeitszeit. Die Arbeitszeit wird nicht auf bestimmte Anfangs- und Endtermine festgelegt. Der Arbeitnehmer kann innerhalb eines bestimmten Rahmens den Zeitpunkt des pers\u00f6nlichen Arbeitsbeginns und -endes selbst bestimmen.\"*1\r\n\r\n*1: http:\/\/wirtschaftslexikon.gabler.de\/Definition\/gleitende-arbeitszeit.html 28. Jan 2014  Springer Gabler, Gabler Wirtschaftslexikon\r\n\r\nTags: Gleitzeit\t\t\t\t\t\t  <\/div>\r\n\t\t\t\t\t\t<\/div>\r\n\t\t\t\t\t<\/div>\r\n\t\t\t\t\t<!-- Inner panel End -->\r\n\t\t\t\t\t\r\n\t\t\t\t\t\t\t\t\r\n\t\t\t\t\t<!-- Inner panel Start -->\r\n\t\t\t\t\t<div class=\"wpsm_panel wpsm_panel-default\">\r\n\t\t\t\t\t\t<div class=\"wpsm_panel-heading\" role=\"tab\" >\r\n\t\t\t\t\t\t  <h4 class=\"wpsm_panel-title\">\r\n\t\t\t\t\t\t\t<a  class=\"collapsed\"  data-toggle=\"collapse\" data-parent=\"#wpsm_accordion_496 \" href=\"javascript:void(0)\" data-target=\"#ac_496_collapse8\" onclick=\"do_resize()\">\r\n\t\t\t\t\t\t\t\t\t\t\t\t\t\t\t\t\t<span class=\"ac_open_cl_icon fa fa-plus\"><\/span>\r\n\t\t\t\t\t\t\t\t\t\r\n\t\t\t\t\t\t\t\t \r\n\t\t\t\t\t\t\t\t<span class=\"ac_title_class\">\r\n\t\t\t\t\t\t\t\t\t\t\t\t\t\t\t\t\t\t\t\t<span style=\"margin-right:6px;\" class=\"fa fa-laptop\"><\/span>\r\n\t\t\t\t\t\t\t\t\tKann ich im selben Monat Gleitzeit(Kompensieren) abbauen und \u00dcberzeit haben?\t\t\t\t\t\t\t\t<\/span>\r\n\t\t\t\t\t\t\t<\/a>\r\n\t\t\t\t\t\t  <\/h4>\r\n\t\t\t\t\t\t<\/div>\r\n\t\t\t\t\t\t<div id=\"ac_496_collapse8\" class=\"wpsm_panel-collapse collapse \"  >\r\n\t\t\t\t\t\t  <div class=\"wpsm_panel-body\">\r\n\t\t\t\t\t\t\tNein. Sie k\u00f6nnen mit Timebox kompensieren, d.h. mehr Arbeitsstunden aus den Vormonaten abbauen, wenn Sie weniger Arbeitsstunden haben als Sie leisten sollten.\r\n\r\nBeispiel: Sie m\u00fcssen gem\u00e4ss Ihrem Arbeitsvertrag 164.00 Arbeitsstunden im Monat M\u00e4rz 2013 erbringen. Sie stellen Monatsende fest, dass Sie 163.00 Arbeitsstunden erbracht haben. In diesem Fall k\u00f6nnen Sie max. 5 Stunden kompensieren.\r\n\r\nIn diesem Fall haben Sie in einigen Tagen des Monats M\u00e4rz nicht ganzer Tag gearbeitet. Diese Tage sehen Sie im \u00dcbersicht \"Day[V]\"  und in der Spalte \"+\/-\". An diesen Tagen, wo Sie einen Minus Pensum haben die Fehlenden Stunden kompensieren.\r\n\r\nNehmen wir an, Sie haben im Monat M\u00e4rz 2013 167.00 Arbeitsstunden. Dann k\u00f6nnen Sie im Monat M\u00e4rz keine Stunden kompensieren, da Ihnen keine Stunden fehlen.\r\n\r\n\t\t\t\t\t\t  <\/div>\r\n\t\t\t\t\t\t<\/div>\r\n\t\t\t\t\t<\/div>\r\n\t\t\t\t\t<!-- Inner panel End -->\r\n\t\t\t\t\t\r\n\t\t\t\t\t\t\t\t\r\n\t\t\t\t\t<!-- Inner panel Start -->\r\n\t\t\t\t\t<div class=\"wpsm_panel wpsm_panel-default\">\r\n\t\t\t\t\t\t<div class=\"wpsm_panel-heading\" role=\"tab\" >\r\n\t\t\t\t\t\t  <h4 class=\"wpsm_panel-title\">\r\n\t\t\t\t\t\t\t<a  class=\"collapsed\"  data-toggle=\"collapse\" data-parent=\"#wpsm_accordion_496 \" href=\"javascript:void(0)\" data-target=\"#ac_496_collapse9\" onclick=\"do_resize()\">\r\n\t\t\t\t\t\t\t\t\t\t\t\t\t\t\t\t\t<span class=\"ac_open_cl_icon fa fa-plus\"><\/span>\r\n\t\t\t\t\t\t\t\t\t\r\n\t\t\t\t\t\t\t\t \r\n\t\t\t\t\t\t\t\t<span class=\"ac_title_class\">\r\n\t\t\t\t\t\t\t\t\t\t\t\t\t\t\t\t\t\t\t\t<span style=\"margin-right:6px;\" class=\"fa fa-laptop\"><\/span>\r\n\t\t\t\t\t\t\t\t\tKann ich meine fehlende Gleitzeit per Tag kompensieren?\t\t\t\t\t\t\t\t<\/span>\r\n\t\t\t\t\t\t\t<\/a>\r\n\t\t\t\t\t\t  <\/h4>\r\n\t\t\t\t\t\t<\/div>\r\n\t\t\t\t\t\t<div id=\"ac_496_collapse9\" class=\"wpsm_panel-collapse collapse \"  >\r\n\t\t\t\t\t\t  <div class=\"wpsm_panel-body\">\r\n\t\t\t\t\t\t\tJa, Sie k\u00f6nnen die fehlende Arbeitszeit bzw. Arbeitsstunden pro Tag sehen. Timebox zeigt Ihnen pro Tag die fehlende regul\u00e4re Arbeitsstunden. Am Ende des Tages oder des Monats k\u00f6nnen Sie sie mit einem Klick die fehlenden Arbeitsstunden als Kompensation buchen. Die als Kompensationszeit eingetragenen Arbeitsstunden werden automatisch vom Ihrem Gleitzeitsaldo abgebucht.  \r\n\r\nTags: Gleitzeitsaldo, Kompensation, Kompensationszeit, r\u00e4gul\u00e4re Arbeitsstunden\t\t\t\t\t\t  <\/div>\r\n\t\t\t\t\t\t<\/div>\r\n\t\t\t\t\t<\/div>\r\n\t\t\t\t\t<!-- Inner panel End -->\r\n\t\t\t\t\t\r\n\t\t\t\t\t\t\t\t\r\n\t\t\t\t\t<!-- Inner panel Start -->\r\n\t\t\t\t\t<div class=\"wpsm_panel wpsm_panel-default\">\r\n\t\t\t\t\t\t<div class=\"wpsm_panel-heading\" role=\"tab\" >\r\n\t\t\t\t\t\t  <h4 class=\"wpsm_panel-title\">\r\n\t\t\t\t\t\t\t<a  class=\"collapsed\"  data-toggle=\"collapse\" data-parent=\"#wpsm_accordion_496 \" href=\"javascript:void(0)\" data-target=\"#ac_496_collapse10\" onclick=\"do_resize()\">\r\n\t\t\t\t\t\t\t\t\t\t\t\t\t\t\t\t\t<span class=\"ac_open_cl_icon fa fa-plus\"><\/span>\r\n\t\t\t\t\t\t\t\t\t\r\n\t\t\t\t\t\t\t\t \r\n\t\t\t\t\t\t\t\t<span class=\"ac_title_class\">\r\n\t\t\t\t\t\t\t\t\t\t\t\t\t\t\t\t\t\t\t\t<span style=\"margin-right:6px;\" class=\"fa fa-laptop\"><\/span>\r\n\t\t\t\t\t\t\t\t\tKompensation von Gleitzeit\t\t\t\t\t\t\t\t<\/span>\r\n\t\t\t\t\t\t\t<\/a>\r\n\t\t\t\t\t\t  <\/h4>\r\n\t\t\t\t\t\t<\/div>\r\n\t\t\t\t\t\t<div id=\"ac_496_collapse10\" class=\"wpsm_panel-collapse collapse \"  >\r\n\t\t\t\t\t\t  <div class=\"wpsm_panel-body\">\r\n\t\t\t\t\t\t\tDer Gleitzeitsaldo ist soweit vor der Beendigung des Arbeitsvertrags auszugleichen. Ein positiver Gleitzeitsaldo verf\u00e4llt am Ende des Arbeitsssssvertrages, wenn mit Management nichts anderes vereinbart wurde. Ein negativer Gleitzeitsaldo wird mit dem Lohn verrechnet bzw. zur\u00fcckgefordert.\r\n\r\nTags: Kompensation, Gleitzeit\t\t\t\t\t\t  <\/div>\r\n\t\t\t\t\t\t<\/div>\r\n\t\t\t\t\t<\/div>\r\n\t\t\t\t\t<!-- Inner panel End -->\r\n\t\t\t\t\t\r\n\t\t\t\t\t\t\t\t\r\n\t\t\t\t\t<!-- Inner panel Start -->\r\n\t\t\t\t\t<div class=\"wpsm_panel wpsm_panel-default\">\r\n\t\t\t\t\t\t<div class=\"wpsm_panel-heading\" role=\"tab\" >\r\n\t\t\t\t\t\t  <h4 class=\"wpsm_panel-title\">\r\n\t\t\t\t\t\t\t<a  class=\"collapsed\"  data-toggle=\"collapse\" data-parent=\"#wpsm_accordion_496 \" href=\"javascript:void(0)\" data-target=\"#ac_496_collapse11\" onclick=\"do_resize()\">\r\n\t\t\t\t\t\t\t\t\t\t\t\t\t\t\t\t\t<span class=\"ac_open_cl_icon fa fa-plus\"><\/span>\r\n\t\t\t\t\t\t\t\t\t\r\n\t\t\t\t\t\t\t\t \r\n\t\t\t\t\t\t\t\t<span class=\"ac_title_class\">\r\n\t\t\t\t\t\t\t\t\t\t\t\t\t\t\t\t\t\t\t\t<span style=\"margin-right:6px;\" class=\"fa fa-laptop\"><\/span>\r\n\t\t\t\t\t\t\t\t\tWas bedeutet GLAZ?\t\t\t\t\t\t\t\t<\/span>\r\n\t\t\t\t\t\t\t<\/a>\r\n\t\t\t\t\t\t  <\/h4>\r\n\t\t\t\t\t\t<\/div>\r\n\t\t\t\t\t\t<div id=\"ac_496_collapse11\" class=\"wpsm_panel-collapse collapse \"  >\r\n\t\t\t\t\t\t  <div class=\"wpsm_panel-body\">\r\n\t\t\t\t\t\t\tGLAZ steht f\u00fcr Gleitende Arbeitszeit oder Gleitzeit. Damit gemeint ist die Arbeitszeit, welche im gewissen Rahmen frei gestaltet werden kann. Der Arbeitgeber und der Arbeitnehmer k\u00f6nnen gemeinsam die Rahmenzeit und die Kernzeit definieren. W\u00e4hrend der Kernzeit m\u00fcssen alle Arbeitende eines KMU anwesend sein. Die Arbeitszeit vor und nach der Kernzeit kann der Arbeitende selber frei w\u00e4hlen. \r\n\r\nTags: Arbeitszeit, GLAZ, Gleitende Arbeitszeit, Kernzeit, KMU, Rahmenzeit\t\t\t\t\t\t  <\/div>\r\n\t\t\t\t\t\t<\/div>\r\n\t\t\t\t\t<\/div>\r\n\t\t\t\t\t<!-- Inner panel End -->\r\n\t\t\t\t\t\r\n\t\t\t\t\t\t\t\t\r\n\t\t\t\t\t<!-- Inner panel Start -->\r\n\t\t\t\t\t<div class=\"wpsm_panel wpsm_panel-default\">\r\n\t\t\t\t\t\t<div class=\"wpsm_panel-heading\" role=\"tab\" >\r\n\t\t\t\t\t\t  <h4 class=\"wpsm_panel-title\">\r\n\t\t\t\t\t\t\t<a  class=\"collapsed\"  data-toggle=\"collapse\" data-parent=\"#wpsm_accordion_496 \" href=\"javascript:void(0)\" data-target=\"#ac_496_collapse12\" onclick=\"do_resize()\">\r\n\t\t\t\t\t\t\t\t\t\t\t\t\t\t\t\t\t<span class=\"ac_open_cl_icon fa fa-plus\"><\/span>\r\n\t\t\t\t\t\t\t\t\t\r\n\t\t\t\t\t\t\t\t \r\n\t\t\t\t\t\t\t\t<span class=\"ac_title_class\">\r\n\t\t\t\t\t\t\t\t\t\t\t\t\t\t\t\t\t\t\t\t<span style=\"margin-right:6px;\" class=\"fa fa-laptop\"><\/span>\r\n\t\t\t\t\t\t\t\t\tWas bedeutet Gleitzeit?\t\t\t\t\t\t\t\t<\/span>\r\n\t\t\t\t\t\t\t<\/a>\r\n\t\t\t\t\t\t  <\/h4>\r\n\t\t\t\t\t\t<\/div>\r\n\t\t\t\t\t\t<div id=\"ac_496_collapse12\" class=\"wpsm_panel-collapse collapse \"  >\r\n\t\t\t\t\t\t  <div class=\"wpsm_panel-body\">\r\n\t\t\t\t\t\t\tDie Gleitzeit als Arbeitsmodell wird dadurch gekennzeichnet, dass die Angestellten innerhalb eines bestimmten vordefinierten Zeitrahmens Ort und Dauer seiner Arbeitszeit selbst gestalten kann. Im Notfall legt man f\u00fcr die Angestellten die Rahmenzeit und die Kernarbeitszeit der t\u00e4glichen T\u00e4tigkeit im Voraus fest. Diese Rahmenzeit definiert den fr\u00fchster m\u00f6glicher Arbeitsbeginn und sp\u00e4testes m\u00f6gliches Arbeitsende in Stunden. Als Kernzeit ist die Zeit zu verstehen, w\u00e4hrend die Pr\u00e4senz der Angestellten unabdingbar ist. \r\n\r\n \r\n\r\n07:00 - 08:30\r\n\r\n08:30 - 16:00\r\n\r\n16:00 - 19:00\r\n\r\nGleitzeitrahmen\r\n\r\nVariable\r\n\r\nKernarbeitszeit\r\n\r\nFix\r\n\r\nGleitzeitrahmen\r\n\r\nVariable\r\n\r\nTags: Gleitzeit, Arbeitsmodell\t\t\t\t\t\t  <\/div>\r\n\t\t\t\t\t\t<\/div>\r\n\t\t\t\t\t<\/div>\r\n\t\t\t\t\t<!-- Inner panel End -->\r\n\t\t\t\t\t\r\n\t\t\t\t\t\t\t\t\r\n\t\t\t\t\t<!-- Inner panel Start -->\r\n\t\t\t\t\t<div class=\"wpsm_panel wpsm_panel-default\">\r\n\t\t\t\t\t\t<div class=\"wpsm_panel-heading\" role=\"tab\" >\r\n\t\t\t\t\t\t  <h4 class=\"wpsm_panel-title\">\r\n\t\t\t\t\t\t\t<a  class=\"collapsed\"  data-toggle=\"collapse\" data-parent=\"#wpsm_accordion_496 \" href=\"javascript:void(0)\" data-target=\"#ac_496_collapse13\" onclick=\"do_resize()\">\r\n\t\t\t\t\t\t\t\t\t\t\t\t\t\t\t\t\t<span class=\"ac_open_cl_icon fa fa-plus\"><\/span>\r\n\t\t\t\t\t\t\t\t\t\r\n\t\t\t\t\t\t\t\t \r\n\t\t\t\t\t\t\t\t<span class=\"ac_title_class\">\r\n\t\t\t\t\t\t\t\t\t\t\t\t\t\t\t\t\t\t\t\t<span style=\"margin-right:6px;\" class=\"fa fa-laptop\"><\/span>\r\n\t\t\t\t\t\t\t\t\tWas ist ein Gleittag?\t\t\t\t\t\t\t\t<\/span>\r\n\t\t\t\t\t\t\t<\/a>\r\n\t\t\t\t\t\t  <\/h4>\r\n\t\t\t\t\t\t<\/div>\r\n\t\t\t\t\t\t<div id=\"ac_496_collapse13\" class=\"wpsm_panel-collapse collapse \"  >\r\n\t\t\t\t\t\t  <div class=\"wpsm_panel-body\">\r\n\t\t\t\t\t\t\tArbeitszeitguthaben bzw. \u2013schulden werden mit Gleitzeitkonto ausgeglichen.\r\n\r\nEinmal pro Monat kann zum Ausgleich eines Arbeitszeitguthabens in Form eines \r\n\r\nGleittages auch w\u00e4hrend der Kernzeit in Anspruch genommen werden. \r\nF\u00fcr die Kompensation des positiven Gleitzeitkontos k\u00f6nnen, nach Genehmigung, Zeitguthaben auch an mehreren Tagen und auch zusammen mit Ferien oder einem arbeitsfreien Tag abgebaut werden. \r\n\r\nTags: Kompensation, Gleittag\t\t\t\t\t\t  <\/div>\r\n\t\t\t\t\t\t<\/div>\r\n\t\t\t\t\t<\/div>\r\n\t\t\t\t\t<!-- Inner panel End -->\r\n\t\t\t\t\t\r\n\t\t\t\t\t\t\t\t\r\n\t\t\t\t\t<!-- Inner panel Start -->\r\n\t\t\t\t\t<div class=\"wpsm_panel wpsm_panel-default\">\r\n\t\t\t\t\t\t<div class=\"wpsm_panel-heading\" role=\"tab\" >\r\n\t\t\t\t\t\t  <h4 class=\"wpsm_panel-title\">\r\n\t\t\t\t\t\t\t<a  class=\"collapsed\"  data-toggle=\"collapse\" data-parent=\"#wpsm_accordion_496 \" href=\"javascript:void(0)\" data-target=\"#ac_496_collapse14\" onclick=\"do_resize()\">\r\n\t\t\t\t\t\t\t\t\t\t\t\t\t\t\t\t\t<span class=\"ac_open_cl_icon fa fa-plus\"><\/span>\r\n\t\t\t\t\t\t\t\t\t\r\n\t\t\t\t\t\t\t\t \r\n\t\t\t\t\t\t\t\t<span class=\"ac_title_class\">\r\n\t\t\t\t\t\t\t\t\t\t\t\t\t\t\t\t\t\t\t\t<span style=\"margin-right:6px;\" class=\"fa fa-laptop\"><\/span>\r\n\t\t\t\t\t\t\t\t\tWas ist Gleitzeitsaldo?\t\t\t\t\t\t\t\t<\/span>\r\n\t\t\t\t\t\t\t<\/a>\r\n\t\t\t\t\t\t  <\/h4>\r\n\t\t\t\t\t\t<\/div>\r\n\t\t\t\t\t\t<div id=\"ac_496_collapse14\" class=\"wpsm_panel-collapse collapse \"  >\r\n\t\t\t\t\t\t  <div class=\"wpsm_panel-body\">\r\n\t\t\t\t\t\t\tAls Gleitzeitsaldo bezeichnen wir den Saldo der Abweichungen von der Sollarbeitszeit. Gleitzeisaldo wird immer gleich ermittelt und gleichzeitig grafisch dargestellt. Mit Timebox sehen Sie jederzeit welcher Mitarbeiter wie viele Arbeitsstunden in seinem Gleitzeitkonto als Saldo hat. Je nach Unternehmen \/ KMU k\u00f6nnen wir auch eine rote Linie auf der Grafik definiere so dass Sie schnell feststellen wer mit seinem Gleitzeitsaldo \u00fcber diese Linie ist.  \r\n\r\nTags: Arbeitsstunden, Gleitzeitkonto, Sollarbeitszeit, Zeitbox\t\t\t\t\t\t  <\/div>\r\n\t\t\t\t\t\t<\/div>\r\n\t\t\t\t\t<\/div>\r\n\t\t\t\t\t<!-- Inner panel End -->\r\n\t\t\t\t\t\r\n\t\t\t\t\t\t\t<\/div>\r\n\t\t\t\r\n<script type=\"text\/javascript\">\r\n\t\r\n\t\tfunction do_resize(){\r\n\r\n\t\t\tvar width=jQuery( '.wpsm_panel .wpsm_panel-body iframe' ).width();\r\n\t\t\tvar height=jQuery( '.wpsm_panel .wpsm_panel-body iframe' ).height();\r\n\r\n\t\t\tvar toggleSize = true;\r\n\t\t\tjQuery('iframe').animate({\r\n\t\t\t    width: toggleSize ? width : 640,\r\n\t\t\t    height: toggleSize ? height : 360\r\n\t\t\t  }, 250);\r\n\r\n\t\t\t  toggleSize = !toggleSize;\r\n\t\t}\r\n\t\t\r\n<\/script>\t\n<\/div>\n<\/div>\n\n\n\n<h2 id=\"wp-block-themeisle-blocks-advanced-heading-5bca4a8a\" class=\"wp-block-themeisle-blocks-advanced-heading wp-block-themeisle-blocks-advanced-heading-5bca4a8a\">Jetzt kostenlose Beratung anfordern!<\/h2>\n\n\n\n<iframe loading=\"lazy\" src=\"https:\/\/bestellformular.mpol.ch\/mpol\/kontaktformadd?Quelle=zeitbox.mpol.ch&amp;Code=1\" width=\"800\" height=\"400\" allow=\"fullscreen\"><\/iframe>\n","protected":false},"excerpt":{"rendered":"","protected":false},"author":1,"featured_media":0,"parent":0,"menu_order":1,"comment_status":"closed","ping_status":"closed","template":"","meta":{"neve_meta_sidebar":"","neve_meta_container":"default","neve_meta_enable_content_width":"off","neve_meta_content_width":100,"neve_meta_title_alignment":"","neve_meta_author_avatar":"","neve_post_elements_order":"","neve_meta_disable_header":"","neve_meta_disable_footer":"","neve_meta_disable_title":"","_themeisle_gutenberg_block_has_review":false,"_ti_tpc_template_sync":false,"_ti_tpc_template_id":"","footnotes":""},"class_list":["post-500","page","type-page","status-publish","hentry"],"_links":{"self":[{"href":"https:\/\/zeitbox.mpol.ch\/index.php?rest_route=\/wp\/v2\/pages\/500","targetHints":{"allow":["GET"]}}],"collection":[{"href":"https:\/\/zeitbox.mpol.ch\/index.php?rest_route=\/wp\/v2\/pages"}],"about":[{"href":"https:\/\/zeitbox.mpol.ch\/index.php?rest_route=\/wp\/v2\/types\/page"}],"author":[{"embeddable":true,"href":"https:\/\/zeitbox.mpol.ch\/index.php?rest_route=\/wp\/v2\/users\/1"}],"replies":[{"embeddable":true,"href":"https:\/\/zeitbox.mpol.ch\/index.php?rest_route=%2Fwp%2Fv2%2Fcomments&post=500"}],"version-history":[{"count":12,"href":"https:\/\/zeitbox.mpol.ch\/index.php?rest_route=\/wp\/v2\/pages\/500\/revisions"}],"predecessor-version":[{"id":580,"href":"https:\/\/zeitbox.mpol.ch\/index.php?rest_route=\/wp\/v2\/pages\/500\/revisions\/580"}],"wp:attachment":[{"href":"https:\/\/zeitbox.mpol.ch\/index.php?rest_route=%2Fwp%2Fv2%2Fmedia&parent=500"}],"curies":[{"name":"wp","href":"https:\/\/api.w.org\/{rel}","templated":true}]}}